{"id":2103,"date":"2012-03-25T22:12:41","date_gmt":"2012-03-25T22:12:41","guid":{"rendered":"http:\/\/www.mitellus.com\/?page_id=2103"},"modified":"2012-03-25T22:36:53","modified_gmt":"2012-03-25T22:36:53","slug":"republique-tcheque-ceska-respublica","status":"publish","type":"page","link":"https:\/\/www.mitellus.com\/?page_id=2103","title":{"rendered":"R\u00e9publique Tch\u00e8que &#8211; Ceska Respublica"},"content":{"rendered":"<p><iframe loading=\"lazy\" src=\"http:\/\/maps.google.com\/maps\/ms?ie=UTF8&amp;hl=en&amp;oe=UTF8&amp;num=200&amp;start=186&amp;s=AARTsJrE1t1exUZlmFYrnjP9nqKbpsRAoQ&amp;msa=0&amp;msid=115278288795720828238.00045d24fab0da64a68e5&amp;ll=50.083141,14.425049&amp;spn=0.088121,0.205994&amp;z=12&amp;output=embed\" frameborder=\"0\" marginwidth=\"0\" marginheight=\"0\" scrolling=\"no\" width=\"600\" height=\"350\"><\/iframe><\/p>\n<p><strong>Praha <\/strong>&#8211; <strong>Pragues<\/strong><br \/>\n<a title=\"Praha Day 1\" href=\"http:\/\/www.mitellus.com\/?p=2105\">Day 1<\/a><br \/>\nDay 2<br \/>\nNight view<strong><br \/>\n<\/strong>Concert &#8211; night life<\/p>\n<p><a title=\"The county side of Praha\" href=\"http:\/\/www.mitellus.com\/?p=2127\"><strong>County side<\/strong><\/a><\/p>\n<p>&nbsp;<\/p>\n","protected":false},"excerpt":{"rendered":"<p>Praha &#8211; Pragues Day 1 Day 2 Night view Concert &#8211; night life County side &nbsp;<span class=\"more-link\"><a href=\"https:\/\/www.mitellus.com\/?page_id=2103\">Continue Reading<\/a><\/span><\/p>\n","protected":false},"author":1,"featured_media":0,"parent":1502,"menu_order":0,"comment_status":"open","ping_status":"open","template":"","meta":{"jetpack_post_was_ever_published":false,"footnotes":""},"class_list":["entry","author-admin","post-2103","page","type-page","status-publish"],"jetpack_shortlink":"https:\/\/wp.me\/P35eub-xV","jetpack_sharing_enabled":true,"jetpack_likes_enabled":true,"jetpack-related-posts":[{"id":1502,"url":"https:\/\/www.mitellus.com\/?page_id=1502","url_meta":{"origin":2103,"position":0},"title":"Europe","author":"admin","date":"21\/03\/2012","format":false,"excerpt":"Allemagne, Belgique, Croatie, France, Espagne, Finlande, Gr\u00e8ce, Irlande, Italie, Norv\u00e8ge, Pays-Bas, Portugal, R\u00e9publique Tch\u00e8que,\u00a0Royaume-Unis, Suisse,","rel":"","context":"Similar post","block_context":{"text":"Similar post","link":""},"img":{"alt_text":"","src":"","width":0,"height":0},"classes":[]},{"id":2886,"url":"https:\/\/www.mitellus.com\/?page_id=2886","url_meta":{"origin":2103,"position":1},"title":"Dublin and County Dublin","author":"admin","date":"10\/05\/2005","format":false,"excerpt":"Dublin (\u02c8d\u028cbl\u0268n\/; locally \/\u02c8d\u028ab\u1d4al\u0259n\/; Irish: Baile \u00c1tha Cliath, meaning \"town of the hurdled ford\", pronounced [bl\u02b2a\u02c8kl\u02b2i\u0259] or \u00c1th Cliath, [a\u02d0 kl\u02b2i\u0259], occasionally Duibhlinn) is the capital and most populous city of Ireland.[2][3] The English name for the city is derived from the Irish name Dubhlinn, meaning \"black pool\". Dublin is\u2026","rel":"","context":"Similar post","block_context":{"text":"Similar post","link":""},"img":{"alt_text":"","src":"","width":0,"height":0},"classes":[]},{"id":2438,"url":"https:\/\/www.mitellus.com\/?page_id=2438","url_meta":{"origin":2103,"position":2},"title":"Finlande &#8211; Finland","author":"admin","date":"27\/03\/2012","format":false,"excerpt":"Day 1: Between Tampere and Lappeenranta Day 2: Lappeenranta Lappeenranta - Pori Pori Day 3 Helsinki Day 4 : Tammisaari Turku Day 5 The longest Bridge of Finland Kristinestad Raipaluoto Vasaa Day 6 Tampere","rel":"","context":"Similar post","block_context":{"text":"Similar post","link":""},"img":{"alt_text":"","src":"https:\/\/i0.wp.com\/www.mitellus.com\/wp-content\/uploads\/2012\/03\/suomi-214x300.jpg?resize=350%2C200","width":350,"height":200},"classes":[]},{"id":5275,"url":"https:\/\/www.mitellus.com\/?page_id=5275","url_meta":{"origin":2103,"position":3},"title":"Cork And County","author":"admin","date":"01\/02\/2018","format":false,"excerpt":"Often called the Real Capital of Ireland, Cork will be an excellent compromise if you want to step away from \"a capital city\" and leave in a \"not too small place\" Cork (Wiki:\u00a0\/k\u0254\u02d0rk\/; Irish: Corcaigh, pronounced\u00a0[\u02c8ko\u027ek\u026a\u025f], from corcach, meaning \"marsh\") is mainly influenced by it's university and surrounded by the\u2026","rel":"","context":"Similar post","block_context":{"text":"Similar post","link":""},"img":{"alt_text":"","src":"https:\/\/i0.wp.com\/www.mitellus.com\/wp-content\/uploads\/2018\/01\/maw-23-1.jpg?fit=1024%2C342&ssl=1&resize=350%2C200","width":350,"height":200,"srcset":"https:\/\/i0.wp.com\/www.mitellus.com\/wp-content\/uploads\/2018\/01\/maw-23-1.jpg?fit=1024%2C342&ssl=1&resize=350%2C200 1x, https:\/\/i0.wp.com\/www.mitellus.com\/wp-content\/uploads\/2018\/01\/maw-23-1.jpg?fit=1024%2C342&ssl=1&resize=525%2C300 1.5x, https:\/\/i0.wp.com\/www.mitellus.com\/wp-content\/uploads\/2018\/01\/maw-23-1.jpg?fit=1024%2C342&ssl=1&resize=700%2C400 2x"},"classes":[]},{"id":2685,"url":"https:\/\/www.mitellus.com\/?page_id=2685","url_meta":{"origin":2103,"position":4},"title":"County Wicklow &#8211; WW","author":"admin","date":"29\/04\/2012","format":false,"excerpt":"The County Wicklow, ... or The Garden of Ireland. Bray - The sea front in 2007, in 2012, video Summer 2012 - Bray head 2005 - A walk from Bray to Greystones - Walk From Bray to Greystone 2008 - Mountain Bike 15 08 2009 Glendalough Greystones Mount Usher Gardens\u2026","rel":"","context":"Similar post","block_context":{"text":"Similar post","link":""},"img":{"alt_text":"","src":"","width":0,"height":0},"classes":[]},{"id":2682,"url":"https:\/\/www.mitellus.com\/?page_id=2682","url_meta":{"origin":2103,"position":5},"title":"Irlande &#8211; Ireland","author":"admin","date":"05\/04\/2012","format":false,"excerpt":"L'Irlande, L'Eire, ou Ireland, cette Ile me tient a coeur car elle m'a permit de retrouver beaucoup de valeurs que l'on a l'impression de perdre dans mon pays d'origine. Connaught Achill Island Ben Letterry Connemara Loop Head Croagh Patrick Galway Loop Head Munster Clare (the coast) Cliffs of Moher \u00a0\u2026","rel":"","context":"Similar post","block_context":{"text":"Similar post","link":""},"img":{"alt_text":"","src":"","width":0,"height":0},"classes":[]}],"_links":{"self":[{"href":"https:\/\/www.mitellus.com\/index.php?rest_route=\/wp\/v2\/pages\/2103","targetHints":{"allow":["GET"]}}],"collection":[{"href":"https:\/\/www.mitellus.com\/index.php?rest_route=\/wp\/v2\/pages"}],"about":[{"href":"https:\/\/www.mitellus.com\/index.php?rest_route=\/wp\/v2\/types\/page"}],"author":[{"embeddable":true,"href":"https:\/\/www.mitellus.com\/index.php?rest_route=\/wp\/v2\/users\/1"}],"replies":[{"embeddable":true,"href":"https:\/\/www.mitellus.com\/index.php?rest_route=%2Fwp%2Fv2%2Fcomments&post=2103"}],"version-history":[{"count":4,"href":"https:\/\/www.mitellus.com\/index.php?rest_route=\/wp\/v2\/pages\/2103\/revisions"}],"predecessor-version":[{"id":2106,"href":"https:\/\/www.mitellus.com\/index.php?rest_route=\/wp\/v2\/pages\/2103\/revisions\/2106"}],"up":[{"embeddable":true,"href":"https:\/\/www.mitellus.com\/index.php?rest_route=\/wp\/v2\/pages\/1502"}],"wp:attachment":[{"href":"https:\/\/www.mitellus.com\/index.php?rest_route=%2Fwp%2Fv2%2Fmedia&parent=2103"}],"curies":[{"name":"wp","href":"https:\/\/api.w.org\/{rel}","templated":true}]}}